{"id":36,"date":"2021-04-21T11:29:52","date_gmt":"2021-04-21T09:29:52","guid":{"rendered":"https:\/\/www.lerefugedespres.com\/?page_id=36"},"modified":"2022-12-09T18:19:25","modified_gmt":"2022-12-09T17:19:25","slug":"acces","status":"publish","type":"page","link":"http:\/\/www.lerefugedespres.com\/en\/acces\/","title":{"rendered":"Access"},"content":{"rendered":"<div data-elementor-type=\"wp-page\" data-elementor-id=\"36\" class=\"elementor elementor-36\" data-elementor-post-type=\"page\">\n\t\t\t\t\t\t<section class=\"elementor-section elementor-top-section elementor-element elementor-element-ba38c10 elementor-section-height-min-height elementor-section-boxed elementor-section-height-default elementor-section-items-middle\" data-id=\"ba38c10\" data-element_type=\"section\" data-settings=\"{&quot;background_background&quot;:&quot;classic&quot;}\">\n\t\t\t\t\t\t\t<div class=\"elementor-background-overlay\"><\/div>\n\t\t\t\t\t\t\t<div class=\"elementor-container elementor-column-gap-default\">\n\t\t\t\t\t<div class=\"elementor-column elementor-col-100 elementor-top-column elementor-element elementor-element-c1b76b8\" data-id=\"c1b76b8\" data-element_type=\"column\">\n\t\t\t<div class=\"elementor-widget-wrap elementor-element-populated\">\n\t\t\t\t\t\t<div class=\"elementor-element elementor-element-5857744 elementor-widget elementor-widget-image\" data-id=\"5857744\" data-element_type=\"widget\" data-widget_type=\"image.default\">\n\t\t\t\t<div class=\"elementor-widget-container\">\n\t\t\t\t\t\t\t\t\t\t\t\t\t\t<a href=\"http:\/\/www.lerefugedespres.com\/en\/\">\n\t\t\t\t\t\t\t<img fetchpriority=\"high\" decoding=\"async\" width=\"450\" height=\"113\" src=\"http:\/\/www.lerefugedespres.com\/wp-content\/uploads\/2021\/04\/LogoEnLigne-bleu.png\" class=\"attachment-large size-large wp-image-308\" alt=\"\" srcset=\"http:\/\/www.lerefugedespres.com\/wp-content\/uploads\/2021\/04\/LogoEnLigne-bleu.png 450w, http:\/\/www.lerefugedespres.com\/wp-content\/uploads\/2021\/04\/LogoEnLigne-bleu-300x75.png 300w, http:\/\/www.lerefugedespres.com\/wp-content\/uploads\/2021\/04\/LogoEnLigne-bleu-16x4.png 16w\" sizes=\"(max-width: 450px) 100vw, 450px\" \/>\t\t\t\t\t\t\t\t<\/a>\n\t\t\t\t\t\t\t\t\t\t\t\t\t<\/div>\n\t\t\t\t<\/div>\n\t\t\t\t<div class=\"elementor-element elementor-element-980bbfe elementor-widget elementor-widget-heading\" data-id=\"980bbfe\" data-element_type=\"widget\" data-widget_type=\"heading.default\">\n\t\t\t\t<div class=\"elementor-widget-container\">\n\t\t\t<h2 class=\"elementor-heading-title elementor-size-xxl\"><span style=\"color: rgb(0, 16, 81); font-family: Rokkitt, sans-serif; font-size: 65px; letter-spacing: -1.4px;\">Acc\u00e8s Hiver<\/span><\/h2>\t\t<\/div>\n\t\t\t\t<\/div>\n\t\t\t\t<div class=\"elementor-element elementor-element-7dbd814 elementor-widget elementor-widget-text-editor\" data-id=\"7dbd814\" data-element_type=\"widget\" data-widget_type=\"text-editor.default\">\n\t\t\t\t<div class=\"elementor-widget-container\">\n\t\t\t\t\t\t\t<p><span style=\"color: #001051; font-family: Helvetica, sans-serif; font-size: 14px;\">\u00a0<\/span><span style=\"font-family: Helvetica, sans-serif; font-size: 14px; font-weight: var( --e-global-typography-text-font-weight );\">Petits conseils:<\/span><\/p><p><span style=\"color: #001051; font-family: Helvetica, sans-serif; font-size: 14px;\">\u00a0&#8211; prendre l&rsquo;itin\u00e9raire par l&rsquo;alpage des Pr\u00e9s pour limiter l&rsquo;exposition au risque d&rsquo;avalanches<\/span><\/p><p>\u00a0\u00a0\u00a0\u00a0\u00a0\u00a0\u00a0\u00a0\u00a0\u00a0\u00a0\u00a0 &#8211;&gt; Consultez le Bulletin d&rsquo;estimation de risque d&rsquo;avalanche\u00a0 <a href=\"https:\/\/meteofrance.com\/meteo-montagne\/alpes-du-nord\/risques-avalanche\">&#8211; en cliquant ici &#8211;<\/a><\/p><p><span style=\"color: #001051; font-family: Helvetica, sans-serif; font-size: 14px;\">\u00a0&#8211; penser \u00e0 prendre des crampons ou les couteaux, la voie romaine est souvent en glace<\/span><\/p>\t\t\t\t\t\t<\/div>\n\t\t\t\t<\/div>\n\t\t\t\t<section class=\"elementor-section elementor-inner-section elementor-element elementor-element-730f292 elementor-section-boxed elementor-section-height-default elementor-section-height-default\" data-id=\"730f292\" data-element_type=\"section\">\n\t\t\t\t\t\t<div class=\"elementor-container elementor-column-gap-default\">\n\t\t\t\t\t<div class=\"elementor-column elementor-col-50 elementor-inner-column elementor-element elementor-element-8a850d1\" data-id=\"8a850d1\" data-element_type=\"column\">\n\t\t\t<div class=\"elementor-widget-wrap elementor-element-populated\">\n\t\t\t\t\t\t<div class=\"elementor-element elementor-element-feafc00 elementor-widget elementor-widget-button\" data-id=\"feafc00\" data-element_type=\"widget\" data-widget_type=\"button.default\">\n\t\t\t\t<div class=\"elementor-widget-container\">\n\t\t\t\t\t<div class=\"elementor-button-wrapper\">\n\t\t\t<a class=\"elementor-button elementor-button-link elementor-size-sm\" href=\"#\">\n\t\t\t\t\t\t<span class=\"elementor-button-content-wrapper\">\n\t\t\t\t\t\t<span class=\"elementor-button-text\">En raquettes<\/span>\n\t\t<\/span>\n\t\t\t\t\t<\/a>\n\t\t<\/div>\n\t\t\t\t<\/div>\n\t\t\t\t<\/div>\n\t\t\t\t<div class=\"elementor-element elementor-element-bf10570 elementor-widget elementor-widget-text-editor\" data-id=\"bf10570\" data-element_type=\"widget\" data-widget_type=\"text-editor.default\">\n\t\t\t\t<div class=\"elementor-widget-container\">\n\t\t\t\t\t\t\t<p>Au d\u00e9part du parking de Notre-Dame de la Gorge aux Contamines-Montjoie, 2H30 (d\u00e9nivel\u00e9 positif : 728 m)<\/p>\n<p><br><\/p>\t\t\t\t\t\t<\/div>\n\t\t\t\t<\/div>\n\t\t\t\t\t<\/div>\n\t\t<\/div>\n\t\t\t\t<div class=\"elementor-column elementor-col-50 elementor-inner-column elementor-element elementor-element-5ced154\" data-id=\"5ced154\" data-element_type=\"column\">\n\t\t\t<div class=\"elementor-widget-wrap elementor-element-populated\">\n\t\t\t\t\t\t<div class=\"elementor-element elementor-element-0d8f772 elementor-widget elementor-widget-button\" data-id=\"0d8f772\" data-element_type=\"widget\" data-widget_type=\"button.default\">\n\t\t\t\t<div class=\"elementor-widget-container\">\n\t\t\t\t\t<div class=\"elementor-button-wrapper\">\n\t\t\t<a class=\"elementor-button elementor-button-link elementor-size-sm\" href=\"#\">\n\t\t\t\t\t\t<span class=\"elementor-button-content-wrapper\">\n\t\t\t\t\t\t<span class=\"elementor-button-text\">En ski de randonn\u00e9e<\/span>\n\t\t<\/span>\n\t\t\t\t\t<\/a>\n\t\t<\/div>\n\t\t\t\t<\/div>\n\t\t\t\t<\/div>\n\t\t\t\t<div class=\"elementor-element elementor-element-2afdb08 elementor-widget elementor-widget-text-editor\" data-id=\"2afdb08\" data-element_type=\"widget\" data-widget_type=\"text-editor.default\">\n\t\t\t\t<div class=\"elementor-widget-container\">\n\t\t\t\t\t\t\t<p>Au d\u00e9part du parking de Notre-Dame de la Gorge aux Contamines-Montjoie\u00a0 2H30 (d\u00e9nivel\u00e9 positif : 728 m)<\/p><p>Depuis les remont\u00e9es m\u00e9caniques des Contamines-Montjoie par les cols de la Fen\u00eatre ou de la Cicle<\/p><p>\u00a0<\/p>\t\t\t\t\t\t<\/div>\n\t\t\t\t<\/div>\n\t\t\t\t\t<\/div>\n\t\t<\/div>\n\t\t\t\t\t<\/div>\n\t\t<\/section>\n\t\t\t\t<div class=\"elementor-element elementor-element-482bec7 elementor-widget elementor-widget-text-editor\" data-id=\"482bec7\" data-element_type=\"widget\" data-widget_type=\"text-editor.default\">\n\t\t\t\t<div class=\"elementor-widget-container\">\n\t\t\t\t\t\t\t<p>\u00a0<\/p><p><strong>Quelques id\u00e9es depuis le Refuge :<\/strong><br \/>A la journ\u00e9e : Col de la Fen\u00eatre, Col de la Cicle, Col des Chasseurs, Col des Tuf, Les Monts Jovets, Le Tondu<\/p><p>Raid \u00e0 ski : Vers\/depuis Le refuge des Conscrits (Glacier de Tr\u00e8s la T\u00eate et Mont Tondu)<\/p><p>N\u2019h\u00e9sitez pas \u00e0 contacter LE BUREAU DES GUIDES Saint Gervais\/ Les Contamines pour profiter d\u2019une sortie encadr\u00e9e: 04 50 47 76 55 ou\u00a0 <a href=\"https:\/\/www.guides-mont-blanc.com\/excursions-voyages\/\" target=\"_blank\" rel=\"noopener noreferrer\" data-saferedirecturl=\"https:\/\/www.google.com\/url?q=https:\/\/www.guides-mont-blanc.com\/excursions-voyages\/&amp;source=gmail&amp;ust=1670690867192000&amp;usg=AOvVaw2aD8GyMpGN8XdFD5lUDrwc\">https:\/\/www.guides-mont-blanc.com\/<\/a><\/p>\t\t\t\t\t\t<\/div>\n\t\t\t\t<\/div>\n\t\t\t\t<div class=\"elementor-element elementor-element-3d3dc9d elementor-widget elementor-widget-heading\" data-id=\"3d3dc9d\" data-element_type=\"widget\" data-widget_type=\"heading.default\">\n\t\t\t\t<div class=\"elementor-widget-container\">\n\t\t\t<h2 class=\"elementor-heading-title elementor-size-xxl\"><br><span style=\"color: rgb(0, 16, 81); font-family: Rokkitt, sans-serif; font-size: 65px; letter-spacing: -1.4px;\">Acc\u00e8s Et\u00e9<\/span><\/h2>\t\t<\/div>\n\t\t\t\t<\/div>\n\t\t\t\t<section class=\"elementor-section elementor-inner-section elementor-element elementor-element-8e41b0b elementor-section-boxed elementor-section-height-default elementor-section-height-default\" data-id=\"8e41b0b\" data-element_type=\"section\">\n\t\t\t\t\t\t<div class=\"elementor-container elementor-column-gap-default\">\n\t\t\t\t\t<div class=\"elementor-column elementor-col-50 elementor-inner-column elementor-element elementor-element-95a826d\" data-id=\"95a826d\" data-element_type=\"column\">\n\t\t\t<div class=\"elementor-widget-wrap elementor-element-populated\">\n\t\t\t\t\t\t<div class=\"elementor-element elementor-element-9d9d8d4 elementor-widget elementor-widget-button\" data-id=\"9d9d8d4\" data-element_type=\"widget\" data-widget_type=\"button.default\">\n\t\t\t\t<div class=\"elementor-widget-container\">\n\t\t\t\t\t<div class=\"elementor-button-wrapper\">\n\t\t\t<a class=\"elementor-button elementor-size-sm\" role=\"button\">\n\t\t\t\t\t\t<span class=\"elementor-button-content-wrapper\">\n\t\t\t\t\t\t<span class=\"elementor-button-text\">Aller - Retour \u00e0 la journ\u00e9e<\/span>\n\t\t<\/span>\n\t\t\t\t\t<\/a>\n\t\t<\/div>\n\t\t\t\t<\/div>\n\t\t\t\t<\/div>\n\t\t\t\t<div class=\"elementor-element elementor-element-ef4b02a elementor-widget elementor-widget-text-editor\" data-id=\"ef4b02a\" data-element_type=\"widget\" data-widget_type=\"text-editor.default\">\n\t\t\t\t<div class=\"elementor-widget-container\">\n\t\t\t\t\t\t\t<div><div><div data-pm-slice=\"1 1 []\" data-en-clipboard=\"true\"><div data-pm-slice=\"1 1 []\" data-en-clipboard=\"true\">Au d\u00e9part du parking de Notre-Dame de la Gorge aux Contamines-Montjoie, 2H25<\/div><div data-pm-slice=\"1 1 []\" data-en-clipboard=\"true\">D\u00e9nivel\u00e9 positif 728 m<\/div><div data-pm-slice=\"1 1 []\" data-en-clipboard=\"true\">\u00a0<\/div><div>Par la t\u00e9l\u00e9cabine du Signal, 1h30<\/div><div>D\u00e9nivel\u00e9 positif 135 m \/d\u00e9nivel\u00e9 n\u00e9gatif 100 m<\/div><div>\u00a0<\/div><div>Depuis le Col du Joly (Savoie)<\/div><div>D\u00e9nivel\u00e9 positif 250m \/ d\u00e9nivel\u00e9 n\u00e9gatif\u00a0 300m<\/div><div>\u00a0<\/div><div>Depuis le parking de la GITTAZ (Savoie) puis le col du Bonhomme.<\/div><div>D\u00e9nivel\u00e9 positif 700m \/ d\u00e9nivel\u00e9 n\u00e9gatif 400m<\/div><div>\u00a0<\/div><div>Depuis le Parking du Plan de la LAI (Savoie) col de la Sauce puis col du Bonhomme<\/div><div>\u00a0<\/div><div>\u00a0<\/div><div>\u00a0<\/div><div>\u00a0<\/div><div>Le refuge est le point de d\u00e9part pour de nombreuses randonn\u00e9es\u2026<\/div><div>\u00a0<\/div><div>Lacs Jovets, <\/div><div>Col du Bonhomme, <\/div><div>Col de la Cicle, <\/div><div>Col de la Fen\u00eatre, <\/div><div>Lac de Roselette,<br \/>Refuge de Tr\u00e9 la T\u00eate par la Cascade de la Combe Noire<\/div><div>\u00a0<\/div><div>\u00a0<\/div><\/div><\/div><\/div>\t\t\t\t\t\t<\/div>\n\t\t\t\t<\/div>\n\t\t\t\t\t<\/div>\n\t\t<\/div>\n\t\t\t\t<div class=\"elementor-column elementor-col-50 elementor-inner-column elementor-element elementor-element-9b18c51\" data-id=\"9b18c51\" data-element_type=\"column\">\n\t\t\t<div class=\"elementor-widget-wrap elementor-element-populated\">\n\t\t\t\t\t\t<div class=\"elementor-element elementor-element-240b8c0 elementor-widget elementor-widget-button\" data-id=\"240b8c0\" data-element_type=\"widget\" data-widget_type=\"button.default\">\n\t\t\t\t<div class=\"elementor-widget-container\">\n\t\t\t\t\t<div class=\"elementor-button-wrapper\">\n\t\t\t<a class=\"elementor-button elementor-size-sm\" role=\"button\">\n\t\t\t\t\t\t<span class=\"elementor-button-content-wrapper\">\n\t\t\t\t\t\t<span class=\"elementor-button-text\">Tour du Val Montjoie<\/span>\n\t\t<\/span>\n\t\t\t\t\t<\/a>\n\t\t<\/div>\n\t\t\t\t<\/div>\n\t\t\t\t<\/div>\n\t\t\t\t<div class=\"elementor-element elementor-element-a0a987c elementor-widget elementor-widget-text-editor\" data-id=\"a0a987c\" data-element_type=\"widget\" data-widget_type=\"text-editor.default\">\n\t\t\t\t<div class=\"elementor-widget-container\">\n\t\t\t\t\t\t\t<div><div><div data-pm-slice=\"1 1 []\" data-en-clipboard=\"true\"><div data-pm-slice=\"1 1 []\" data-en-clipboard=\"true\"><p>Cette randonn\u00e9e de 5 jours vous emm\u00e8ne sur les sentiers des alpages autour du Val Montjoie.<br \/>Le Parcours est compos\u00e9 de 5 \u00e9tapes d\u2019environ 6 \u00e0 8 heures de marche chacune.<\/p><p><span style=\"text-decoration: underline;\">https:\/\/www.lescontamines.com\/ete\/activites\/montagne\/randonnees\/le-tour-du-val-montjoie<\/span><\/p><\/div><\/div><\/div><\/div>\t\t\t\t\t\t<\/div>\n\t\t\t\t<\/div>\n\t\t\t\t<div class=\"elementor-element elementor-element-0a680ba elementor-widget elementor-widget-button\" data-id=\"0a680ba\" data-element_type=\"widget\" data-widget_type=\"button.default\">\n\t\t\t\t<div class=\"elementor-widget-container\">\n\t\t\t\t\t<div class=\"elementor-button-wrapper\">\n\t\t\t<a class=\"elementor-button elementor-size-sm\" role=\"button\">\n\t\t\t\t\t\t<span class=\"elementor-button-content-wrapper\">\n\t\t\t\t\t\t<span class=\"elementor-button-text\">Tour du Mont Blanc<\/span>\n\t\t<\/span>\n\t\t\t\t\t<\/a>\n\t\t<\/div>\n\t\t\t\t<\/div>\n\t\t\t\t<\/div>\n\t\t\t\t<div class=\"elementor-element elementor-element-f7469ba elementor-widget elementor-widget-text-editor\" data-id=\"f7469ba\" data-element_type=\"widget\" data-widget_type=\"text-editor.default\">\n\t\t\t\t<div class=\"elementor-widget-container\">\n\t\t\t\t\t\t\t<div><div><div data-pm-slice=\"1 1 []\" data-en-clipboard=\"true\"><div data-pm-slice=\"1 1 []\" data-en-clipboard=\"true\"><div data-pm-slice=\"1 1 []\" data-en-clipboard=\"true\">\u00a0<\/div><div><div>3 pays, 10 000 m\u00e8tres de d\u00e9nivel\u00e9 et environ 60 heures de marche, 170 km de d\u00e9couverte pour 7 \u00e0 10 jours<\/div><div><span style=\"text-decoration: underline;\">https:\/\/www.montourdumontblanc.com\/fr\/index.aspx<\/span><\/div><div>\u00a0<\/div><\/div><\/div><\/div><\/div><\/div>\t\t\t\t\t\t<\/div>\n\t\t\t\t<\/div>\n\t\t\t\t<div class=\"elementor-element elementor-element-185428c elementor-widget elementor-widget-button\" data-id=\"185428c\" data-element_type=\"widget\" data-widget_type=\"button.default\">\n\t\t\t\t<div class=\"elementor-widget-container\">\n\t\t\t\t\t<div class=\"elementor-button-wrapper\">\n\t\t\t<a class=\"elementor-button elementor-size-sm\" role=\"button\">\n\t\t\t\t\t\t<span class=\"elementor-button-content-wrapper\">\n\t\t\t\t\t\t<span class=\"elementor-button-text\">Tour du Beaufortain<\/span>\n\t\t<\/span>\n\t\t\t\t\t<\/a>\n\t\t<\/div>\n\t\t\t\t<\/div>\n\t\t\t\t<\/div>\n\t\t\t\t<div class=\"elementor-element elementor-element-0284723 elementor-widget elementor-widget-text-editor\" data-id=\"0284723\" data-element_type=\"widget\" data-widget_type=\"text-editor.default\">\n\t\t\t\t<div class=\"elementor-widget-container\">\n\t\t\t\t\t\t\t<div><div><div data-pm-slice=\"1 1 []\" data-en-clipboard=\"true\"><div data-pm-slice=\"1 1 []\" data-en-clipboard=\"true\"><div data-pm-slice=\"1 1 []\" data-en-clipboard=\"true\">\u00a0<\/div><div><div>Au d\u00e9part de Queige, il faut au randonneur 6 \u00e0 8 jours pour arpenter les 140 kilom\u00e8tres du GR\u00ae de Pays Tour du Beaufortain.<\/div><\/div><\/div><\/div><\/div><\/div>\t\t\t\t\t\t<\/div>\n\t\t\t\t<\/div>\n\t\t\t\t<div class=\"elementor-element elementor-element-3b4a6f3 elementor-widget elementor-widget-button\" data-id=\"3b4a6f3\" data-element_type=\"widget\" data-widget_type=\"button.default\">\n\t\t\t\t<div class=\"elementor-widget-container\">\n\t\t\t\t\t<div class=\"elementor-button-wrapper\">\n\t\t\t<a class=\"elementor-button elementor-size-sm\" role=\"button\">\n\t\t\t\t\t\t<span class=\"elementor-button-content-wrapper\">\n\t\t\t\t\t\t<span class=\"elementor-button-text\">Grande Travers\u00e9e des Alpes - GR5<\/span>\n\t\t<\/span>\n\t\t\t\t\t<\/a>\n\t\t<\/div>\n\t\t\t\t<\/div>\n\t\t\t\t<\/div>\n\t\t\t\t<div class=\"elementor-element elementor-element-5156beb elementor-widget elementor-widget-text-editor\" data-id=\"5156beb\" data-element_type=\"widget\" data-widget_type=\"text-editor.default\">\n\t\t\t\t<div class=\"elementor-widget-container\">\n\t\t\t\t\t\t\t<div class=\"\"><div class=\"\"><div data-pm-slice=\"1 1 []\" data-en-clipboard=\"true\"><div data-pm-slice=\"1 1 []\" data-en-clipboard=\"true\"><div data-pm-slice=\"1 1 []\" data-en-clipboard=\"true\">\u00a0<\/div><div><div class=\"refuge refugeadherent\">Du bord du lac L\u00e9man jusque sur les plages de la mer M\u00e9diterran\u00e9e. 500km <br \/>et presque 30 000m de d\u00e9nivel\u00e9 positif.(4 semaine de marche)<\/div><\/div><\/div><\/div><\/div><\/div>\t\t\t\t\t\t<\/div>\n\t\t\t\t<\/div>\n\t\t\t\t\t<\/div>\n\t\t<\/div>\n\t\t\t\t\t<\/div>\n\t\t<\/section>\n\t\t\t\t<section class=\"elementor-section elementor-inner-section elementor-element elementor-element-03aa5a5 elementor-section-boxed elementor-section-height-default elementor-section-height-default\" data-id=\"03aa5a5\" data-element_type=\"section\">\n\t\t\t\t\t\t<div class=\"elementor-container elementor-column-gap-default\">\n\t\t\t\t\t<div class=\"elementor-column elementor-col-50 elementor-inner-column elementor-element elementor-element-ce0c365\" data-id=\"ce0c365\" data-element_type=\"column\">\n\t\t\t<div class=\"elementor-widget-wrap elementor-element-populated\">\n\t\t\t\t\t\t<div class=\"elementor-element elementor-element-29116fc elementor-widget elementor-widget-button\" data-id=\"29116fc\" data-element_type=\"widget\" data-widget_type=\"button.default\">\n\t\t\t\t<div class=\"elementor-widget-container\">\n\t\t\t\t\t<div class=\"elementor-button-wrapper\">\n\t\t\t<a class=\"elementor-button elementor-size-sm\" role=\"button\">\n\t\t\t\t\t\t<span class=\"elementor-button-content-wrapper\">\n\t\t\t\t\t\t<span class=\"elementor-button-text\">GPS coordinates<\/span>\n\t\t<\/span>\n\t\t\t\t\t<\/a>\n\t\t<\/div>\n\t\t\t\t<\/div>\n\t\t\t\t<\/div>\n\t\t\t\t<div class=\"elementor-element elementor-element-361991f elementor-widget elementor-widget-text-editor\" data-id=\"361991f\" data-element_type=\"widget\" data-widget_type=\"text-editor.default\">\n\t\t\t\t<div class=\"elementor-widget-container\">\n\t\t\t\t\t\t\t<div class=\"\"><div class=\"\"><div data-pm-slice=\"1 1 []\" data-en-clipboard=\"true\"><div data-pm-slice=\"1 1 []\" data-en-clipboard=\"true\"><div data-pm-slice=\"1 1 []\" data-en-clipboard=\"true\"><div data-pm-slice=\"1 1 []\" data-en-clipboard=\"true\">45.76285N 6.70157E<\/div><\/div><\/div><\/div><\/div><\/div>\t\t\t\t\t\t<\/div>\n\t\t\t\t<\/div>\n\t\t\t\t\t<\/div>\n\t\t<\/div>\n\t\t\t\t<div class=\"elementor-column elementor-col-50 elementor-inner-column elementor-element elementor-element-e0185a0\" data-id=\"e0185a0\" data-element_type=\"column\">\n\t\t\t<div class=\"elementor-widget-wrap elementor-element-populated\">\n\t\t\t\t\t\t<div class=\"elementor-element elementor-element-656e420 elementor-widget elementor-widget-google_maps\" data-id=\"656e420\" data-element_type=\"widget\" data-widget_type=\"google_maps.default\">\n\t\t\t\t<div class=\"elementor-widget-container\">\n\t\t\t\t\t<div class=\"elementor-custom-embed\">\n\t\t\t<iframe loading=\"lazy\"\n\t\t\t\t\tsrc=\"https:\/\/maps.google.com\/maps?q=45.762850%2C%206.701570&#038;t=m&#038;z=10&#038;output=embed&#038;iwloc=near\"\n\t\t\t\t\ttitle=\"45.762850, 6.701570\"\n\t\t\t\t\taria-label=\"45.762850, 6.701570\"\n\t\t\t><\/iframe>\n\t\t<\/div>\n\t\t\t\t<\/div>\n\t\t\t\t<\/div>\n\t\t\t\t\t<\/div>\n\t\t<\/div>\n\t\t\t\t\t<\/div>\n\t\t<\/section>\n\t\t\t\t<section class=\"elementor-section elementor-inner-section elementor-element elementor-element-2bfc907 elementor-section-boxed elementor-section-height-default elementor-section-height-default\" data-id=\"2bfc907\" data-element_type=\"section\">\n\t\t\t\t\t\t<div class=\"elementor-container elementor-column-gap-default\">\n\t\t\t\t\t<div class=\"elementor-column elementor-col-50 elementor-inner-column elementor-element elementor-element-f5264ac\" data-id=\"f5264ac\" data-element_type=\"column\">\n\t\t\t<div class=\"elementor-widget-wrap elementor-element-populated\">\n\t\t\t\t\t\t<div class=\"elementor-element elementor-element-303681d elementor-align-left elementor-widget elementor-widget-button\" data-id=\"303681d\" data-element_type=\"widget\" data-widget_type=\"button.default\">\n\t\t\t\t<div class=\"elementor-widget-container\">\n\t\t\t\t\t<div class=\"elementor-button-wrapper\">\n\t\t\t<a class=\"elementor-button elementor-size-sm\" role=\"button\">\n\t\t\t\t\t\t<span class=\"elementor-button-content-wrapper\">\n\t\t\t\t\t\t<span class=\"elementor-button-icon elementor-align-icon-left\">\n\t\t\t\t<i aria-hidden=\"true\" class=\"fas fa-phone-alt\"><\/i>\t\t\t<\/span>\n\t\t\t\t\t\t<span class=\"elementor-button-text\">Telephone<\/span>\n\t\t<\/span>\n\t\t\t\t\t<\/a>\n\t\t<\/div>\n\t\t\t\t<\/div>\n\t\t\t\t<\/div>\n\t\t\t\t<div class=\"elementor-element elementor-element-8b6ae0a elementor-hidden-desktop elementor-hidden-tablet elementor-hidden-phone elementor-widget elementor-widget-text-editor\" data-id=\"8b6ae0a\" data-element_type=\"widget\" data-widget_type=\"text-editor.default\">\n\t\t\t\t<div class=\"elementor-widget-container\">\n\t\t\t\t\t\t\t<h6>ATTENTION PAS DE SMS<\/h6>\t\t\t\t\t\t<\/div>\n\t\t\t\t<\/div>\n\t\t\t\t\t<\/div>\n\t\t<\/div>\n\t\t\t\t<div class=\"elementor-column elementor-col-50 elementor-inner-column elementor-element elementor-element-28b5079\" data-id=\"28b5079\" data-element_type=\"column\">\n\t\t\t<div class=\"elementor-widget-wrap elementor-element-populated\">\n\t\t\t\t\t\t<div class=\"elementor-element elementor-element-e37eaa2 elementor-widget elementor-widget-heading\" data-id=\"e37eaa2\" data-element_type=\"widget\" data-widget_type=\"heading.default\">\n\t\t\t\t<div class=\"elementor-widget-container\">\n\t\t\t<h2 class=\"elementor-heading-title elementor-size-small\">+33 6 61 86 50 43 <br>(pas de SMS!)<\/h2>\t\t<\/div>\n\t\t\t\t<\/div>\n\t\t\t\t\t<\/div>\n\t\t<\/div>\n\t\t\t\t\t<\/div>\n\t\t<\/section>\n\t\t\t\t<div class=\"elementor-element elementor-element-46d3277 elementor-widget elementor-widget-text-editor\" data-id=\"46d3277\" data-element_type=\"widget\" data-widget_type=\"text-editor.default\">\n\t\t\t\t<div class=\"elementor-widget-container\">\n\t\t\t\t\t\t\t<div class=\"\"><div class=\"\"><div data-pm-slice=\"1 1 []\" data-en-clipboard=\"true\"><div data-pm-slice=\"1 1 []\" data-en-clipboard=\"true\"><div data-pm-slice=\"1 1 []\" data-en-clipboard=\"true\"><div data-pm-slice=\"1 1 []\" data-en-clipboard=\"true\"><div data-pm-slice=\"1 1 []\" data-en-clipboard=\"true\"><div data-pm-slice=\"1 1 []\" data-en-clipboard=\"true\"><div data-pm-slice=\"1 1 []\" data-en-clipboard=\"true\"><div data-pm-slice=\"1 1 []\" data-en-clipboard=\"true\"><div data-pm-slice=\"1 1 []\" data-en-clipboard=\"true\"><div data-pm-slice=\"1 1 []\" data-en-clipboard=\"true\"><p class=\"p1\">Discover <a href=\"http:\/\/www.lerefugedespres.com\/en\/le-refuge\/\">The refuge<\/a>, <a href=\"http:\/\/www.lerefugedespres.com\/en\/lequipe\/\">The Team<\/a>, <a href=\"http:\/\/www.lerefugedespres.com\/en\/reservations\/\">Rates &amp; Bookings<\/a><\/p><\/div><\/div><\/div><\/div><\/div><\/div><\/div><\/div><\/div><\/div><\/div><\/div>\t\t\t\t\t\t<\/div>\n\t\t\t\t<\/div>\n\t\t\t\t\t<\/div>\n\t\t<\/div>\n\t\t\t\t\t<\/div>\n\t\t<\/section>\n\t\t\t\t<section class=\"elementor-section elementor-top-section elementor-element elementor-element-c5ad763 elementor-section-boxed elementor-section-height-default elementor-section-height-default\" data-id=\"c5ad763\" data-element_type=\"section\">\n\t\t\t\t\t\t<div class=\"elementor-container elementor-column-gap-default\">\n\t\t\t\t\t<div class=\"elementor-column elementor-col-100 elementor-top-column elementor-element elementor-element-c090d67\" data-id=\"c090d67\" data-element_type=\"column\">\n\t\t\t<div class=\"elementor-widget-wrap elementor-element-populated\">\n\t\t\t\t\t\t<div class=\"elementor-element elementor-element-51ab8a4 elementor-widget elementor-widget-button\" data-id=\"51ab8a4\" data-element_type=\"widget\" data-widget_type=\"button.default\">\n\t\t\t\t<div class=\"elementor-widget-container\">\n\t\t\t\t\t<div class=\"elementor-button-wrapper\">\n\t\t\t<a class=\"elementor-button elementor-button-link elementor-size-sm\" href=\"#\">\n\t\t\t\t\t\t<span class=\"elementor-button-content-wrapper\">\n\t\t\t\t\t\t<span class=\"elementor-button-text\">En raquettes<\/span>\n\t\t<\/span>\n\t\t\t\t\t<\/a>\n\t\t<\/div>\n\t\t\t\t<\/div>\n\t\t\t\t<\/div>\n\t\t\t\t\t<\/div>\n\t\t<\/div>\n\t\t\t\t\t<\/div>\n\t\t<\/section>\n\t\t\t\t<\/div>","protected":false},"excerpt":{"rendered":"<p>Acc\u00e8s Hiver \u00a0Petits conseils: \u00a0&#8211; prendre l&rsquo;itin\u00e9raire par l&rsquo;alpage des Pr\u00e9s pour limiter l&rsquo;exposition au risque d&rsquo;avalanches \u00a0\u00a0\u00a0\u00a0\u00a0\u00a0\u00a0\u00a0\u00a0\u00a0\u00a0\u00a0 &#8211;&gt; Consultez le Bulletin d&rsquo;estimation de risque d&rsquo;avalanche\u00a0 &#8211; en cliquant ici &#8211; \u00a0&#8211; penser \u00e0 prendre des crampons ou les couteaux, la voie romaine est souvent en glace En raquettes Au d\u00e9part du parking de Notre-Dame [&hellip;]<\/p>","protected":false},"author":5,"featured_media":0,"parent":0,"menu_order":0,"comment_status":"closed","ping_status":"closed","template":"elementor_header_footer","meta":{"footnotes":""},"yoast_head":"<!-- This site is optimized with the Yoast SEO plugin v22.2 - https:\/\/yoast.com\/wordpress\/plugins\/seo\/ -->\n<title>Acc\u00e8s - Le Refuge des Pr\u00e9s<\/title>\n<meta name=\"robots\" content=\"index, follow, max-snippet:-1, max-image-preview:large, max-video-preview:-1\" \/>\n<link rel=\"canonical\" href=\"http:\/\/www.lerefugedespres.com\/en\/acces\/\" \/>\n<meta property=\"og:locale\" content=\"en_GB\" \/>\n<meta property=\"og:type\" content=\"article\" \/>\n<meta property=\"og:title\" content=\"Acc\u00e8s - Le Refuge des Pr\u00e9s\" \/>\n<meta property=\"og:description\" content=\"Acc\u00e8s Hiver \u00a0Petits conseils: \u00a0&#8211; prendre l&rsquo;itin\u00e9raire par l&rsquo;alpage des Pr\u00e9s pour limiter l&rsquo;exposition au risque d&rsquo;avalanches \u00a0\u00a0\u00a0\u00a0\u00a0\u00a0\u00a0\u00a0\u00a0\u00a0\u00a0\u00a0 &#8211;&gt; Consultez le Bulletin d&rsquo;estimation de risque d&rsquo;avalanche\u00a0 &#8211; en cliquant ici &#8211; \u00a0&#8211; penser \u00e0 prendre des crampons ou les couteaux, la voie romaine est souvent en glace En raquettes Au d\u00e9part du parking de Notre-Dame [&hellip;]\" \/>\n<meta property=\"og:url\" content=\"http:\/\/www.lerefugedespres.com\/en\/acces\/\" \/>\n<meta property=\"og:site_name\" content=\"Le Refuge des Pr\u00e9s\" \/>\n<meta property=\"article:modified_time\" content=\"2022-12-09T17:19:25+00:00\" \/>\n<meta property=\"og:image\" content=\"http:\/\/www.lerefugedespres.com\/wp-content\/uploads\/2021\/04\/LogoEnLigne-bleu.png\" \/>\n<meta name=\"twitter:card\" content=\"summary_large_image\" \/>\n<meta name=\"twitter:label1\" content=\"Estimated reading time\" \/>\n\t<meta name=\"twitter:data1\" content=\"3 minutes\" \/>\n<script type=\"application\/ld+json\" class=\"yoast-schema-graph\">{\"@context\":\"https:\/\/schema.org\",\"@graph\":[{\"@type\":\"WebPage\",\"@id\":\"https:\/\/www.lerefugedespres.com\/fr\/acces\/\",\"url\":\"https:\/\/www.lerefugedespres.com\/fr\/acces\/\",\"name\":\"Acc\u00e8s - Le Refuge des Pr\u00e9s\",\"isPartOf\":{\"@id\":\"https:\/\/www.lerefugedespres.com\/fr\/#website\"},\"primaryImageOfPage\":{\"@id\":\"https:\/\/www.lerefugedespres.com\/fr\/acces\/#primaryimage\"},\"image\":{\"@id\":\"https:\/\/www.lerefugedespres.com\/fr\/acces\/#primaryimage\"},\"thumbnailUrl\":\"http:\/\/www.lerefugedespres.com\/wp-content\/uploads\/2021\/04\/LogoEnLigne-bleu.png\",\"datePublished\":\"2021-04-21T09:29:52+00:00\",\"dateModified\":\"2022-12-09T17:19:25+00:00\",\"breadcrumb\":{\"@id\":\"https:\/\/www.lerefugedespres.com\/fr\/acces\/#breadcrumb\"},\"inLanguage\":\"en-GB\",\"potentialAction\":[{\"@type\":\"ReadAction\",\"target\":[\"https:\/\/www.lerefugedespres.com\/fr\/acces\/\"]}]},{\"@type\":\"ImageObject\",\"inLanguage\":\"en-GB\",\"@id\":\"https:\/\/www.lerefugedespres.com\/fr\/acces\/#primaryimage\",\"url\":\"http:\/\/www.lerefugedespres.com\/wp-content\/uploads\/2021\/04\/LogoEnLigne-bleu.png\",\"contentUrl\":\"http:\/\/www.lerefugedespres.com\/wp-content\/uploads\/2021\/04\/LogoEnLigne-bleu.png\",\"width\":450,\"height\":113},{\"@type\":\"BreadcrumbList\",\"@id\":\"https:\/\/www.lerefugedespres.com\/fr\/acces\/#breadcrumb\",\"itemListElement\":[{\"@type\":\"ListItem\",\"position\":1,\"name\":\"Accueil\",\"item\":\"https:\/\/www.lerefugedespres.com\/fr\/\"},{\"@type\":\"ListItem\",\"position\":2,\"name\":\"Acc\u00e8s\"}]},{\"@type\":\"WebSite\",\"@id\":\"https:\/\/www.lerefugedespres.com\/fr\/#website\",\"url\":\"https:\/\/www.lerefugedespres.com\/fr\/\",\"name\":\"Le Refuge des Pr\u00e9s\",\"description\":\"Les Contamines-Montjoie | Ouvert 4 saisons\",\"potentialAction\":[{\"@type\":\"SearchAction\",\"target\":{\"@type\":\"EntryPoint\",\"urlTemplate\":\"https:\/\/www.lerefugedespres.com\/fr\/?s={search_term_string}\"},\"query-input\":\"required name=search_term_string\"}],\"inLanguage\":\"en-GB\"}]}<\/script>\n<!-- \/ Yoast SEO plugin. -->","yoast_head_json":{"title":"Acc\u00e8s - Le Refuge des Pr\u00e9s","robots":{"index":"index","follow":"follow","max-snippet":"max-snippet:-1","max-image-preview":"max-image-preview:large","max-video-preview":"max-video-preview:-1"},"canonical":"http:\/\/www.lerefugedespres.com\/en\/acces\/","og_locale":"en_GB","og_type":"article","og_title":"Acc\u00e8s - Le Refuge des Pr\u00e9s","og_description":"Acc\u00e8s Hiver \u00a0Petits conseils: \u00a0&#8211; prendre l&rsquo;itin\u00e9raire par l&rsquo;alpage des Pr\u00e9s pour limiter l&rsquo;exposition au risque d&rsquo;avalanches \u00a0\u00a0\u00a0\u00a0\u00a0\u00a0\u00a0\u00a0\u00a0\u00a0\u00a0\u00a0 &#8211;&gt; Consultez le Bulletin d&rsquo;estimation de risque d&rsquo;avalanche\u00a0 &#8211; en cliquant ici &#8211; \u00a0&#8211; penser \u00e0 prendre des crampons ou les couteaux, la voie romaine est souvent en glace En raquettes Au d\u00e9part du parking de Notre-Dame [&hellip;]","og_url":"http:\/\/www.lerefugedespres.com\/en\/acces\/","og_site_name":"Le Refuge des Pr\u00e9s","article_modified_time":"2022-12-09T17:19:25+00:00","og_image":[{"url":"http:\/\/www.lerefugedespres.com\/wp-content\/uploads\/2021\/04\/LogoEnLigne-bleu.png"}],"twitter_card":"summary_large_image","twitter_misc":{"Estimated reading time":"3 minutes"},"schema":{"@context":"https:\/\/schema.org","@graph":[{"@type":"WebPage","@id":"https:\/\/www.lerefugedespres.com\/fr\/acces\/","url":"https:\/\/www.lerefugedespres.com\/fr\/acces\/","name":"Acc\u00e8s - Le Refuge des Pr\u00e9s","isPartOf":{"@id":"https:\/\/www.lerefugedespres.com\/fr\/#website"},"primaryImageOfPage":{"@id":"https:\/\/www.lerefugedespres.com\/fr\/acces\/#primaryimage"},"image":{"@id":"https:\/\/www.lerefugedespres.com\/fr\/acces\/#primaryimage"},"thumbnailUrl":"http:\/\/www.lerefugedespres.com\/wp-content\/uploads\/2021\/04\/LogoEnLigne-bleu.png","datePublished":"2021-04-21T09:29:52+00:00","dateModified":"2022-12-09T17:19:25+00:00","breadcrumb":{"@id":"https:\/\/www.lerefugedespres.com\/fr\/acces\/#breadcrumb"},"inLanguage":"en-GB","potentialAction":[{"@type":"ReadAction","target":["https:\/\/www.lerefugedespres.com\/fr\/acces\/"]}]},{"@type":"ImageObject","inLanguage":"en-GB","@id":"https:\/\/www.lerefugedespres.com\/fr\/acces\/#primaryimage","url":"http:\/\/www.lerefugedespres.com\/wp-content\/uploads\/2021\/04\/LogoEnLigne-bleu.png","contentUrl":"http:\/\/www.lerefugedespres.com\/wp-content\/uploads\/2021\/04\/LogoEnLigne-bleu.png","width":450,"height":113},{"@type":"BreadcrumbList","@id":"https:\/\/www.lerefugedespres.com\/fr\/acces\/#breadcrumb","itemListElement":[{"@type":"ListItem","position":1,"name":"Accueil","item":"https:\/\/www.lerefugedespres.com\/fr\/"},{"@type":"ListItem","position":2,"name":"Acc\u00e8s"}]},{"@type":"WebSite","@id":"https:\/\/www.lerefugedespres.com\/fr\/#website","url":"https:\/\/www.lerefugedespres.com\/fr\/","name":"Le Refuge des Pr\u00e9s","description":"Les Contamines-Montjoie | Ouvert 4 saisons","potentialAction":[{"@type":"SearchAction","target":{"@type":"EntryPoint","urlTemplate":"https:\/\/www.lerefugedespres.com\/fr\/?s={search_term_string}"},"query-input":"required name=search_term_string"}],"inLanguage":"en-GB"}]}},"_links":{"self":[{"href":"http:\/\/www.lerefugedespres.com\/en\/wp-json\/wp\/v2\/pages\/36"}],"collection":[{"href":"http:\/\/www.lerefugedespres.com\/en\/wp-json\/wp\/v2\/pages"}],"about":[{"href":"http:\/\/www.lerefugedespres.com\/en\/wp-json\/wp\/v2\/types\/page"}],"author":[{"embeddable":true,"href":"http:\/\/www.lerefugedespres.com\/en\/wp-json\/wp\/v2\/users\/5"}],"replies":[{"embeddable":true,"href":"http:\/\/www.lerefugedespres.com\/en\/wp-json\/wp\/v2\/comments?post=36"}],"version-history":[{"count":43,"href":"http:\/\/www.lerefugedespres.com\/en\/wp-json\/wp\/v2\/pages\/36\/revisions"}],"predecessor-version":[{"id":1446,"href":"http:\/\/www.lerefugedespres.com\/en\/wp-json\/wp\/v2\/pages\/36\/revisions\/1446"}],"wp:attachment":[{"href":"http:\/\/www.lerefugedespres.com\/en\/wp-json\/wp\/v2\/media?parent=36"}],"curies":[{"name":"wp","href":"https:\/\/api.w.org\/{rel}","templated":true}]}}