{"id":621,"date":"2021-04-26T16:43:31","date_gmt":"2021-04-26T14:43:31","guid":{"rendered":"https:\/\/www.lerefugedespres.com\/?page_id=621"},"modified":"2025-06-02T19:57:38","modified_gmt":"2025-06-02T17:57:38","slug":"lequipe","status":"publish","type":"page","link":"http:\/\/www.lerefugedespres.com\/en\/lequipe\/","title":{"rendered":"L&rsquo;\u00e9quipe"},"content":{"rendered":"<div data-elementor-type=\"wp-page\" data-elementor-id=\"621\" class=\"elementor elementor-621\" data-elementor-post-type=\"page\">\n\t\t\t\t\t\t<section class=\"elementor-section elementor-top-section elementor-element elementor-element-8db660a elementor-section-height-min-height elementor-section-boxed elementor-section-height-default elementor-section-items-middle\" data-id=\"8db660a\" data-element_type=\"section\" data-settings=\"{&quot;background_background&quot;:&quot;classic&quot;}\">\n\t\t\t\t\t\t\t<div class=\"elementor-background-overlay\"><\/div>\n\t\t\t\t\t\t\t<div class=\"elementor-container elementor-column-gap-default\">\n\t\t\t\t\t<div class=\"elementor-column elementor-col-100 elementor-top-column elementor-element elementor-element-2377911\" data-id=\"2377911\" data-element_type=\"column\">\n\t\t\t<div class=\"elementor-widget-wrap elementor-element-populated\">\n\t\t\t\t\t\t<div class=\"elementor-element elementor-element-ed79588 elementor-widget elementor-widget-image\" data-id=\"ed79588\" data-element_type=\"widget\" data-widget_type=\"image.default\">\n\t\t\t\t<div class=\"elementor-widget-container\">\n\t\t\t\t\t\t\t\t\t\t\t\t\t\t<a href=\"http:\/\/www.lerefugedespres.com\/en\/\">\n\t\t\t\t\t\t\t<img fetchpriority=\"high\" decoding=\"async\" width=\"450\" height=\"113\" src=\"http:\/\/www.lerefugedespres.com\/wp-content\/uploads\/2021\/04\/LogoEnLigne-bleu.png\" class=\"attachment-large size-large wp-image-308\" alt=\"\" srcset=\"http:\/\/www.lerefugedespres.com\/wp-content\/uploads\/2021\/04\/LogoEnLigne-bleu.png 450w, http:\/\/www.lerefugedespres.com\/wp-content\/uploads\/2021\/04\/LogoEnLigne-bleu-300x75.png 300w, http:\/\/www.lerefugedespres.com\/wp-content\/uploads\/2021\/04\/LogoEnLigne-bleu-16x4.png 16w\" sizes=\"(max-width: 450px) 100vw, 450px\" \/>\t\t\t\t\t\t\t\t<\/a>\n\t\t\t\t\t\t\t\t\t\t\t\t\t<\/div>\n\t\t\t\t<\/div>\n\t\t\t\t<div class=\"elementor-element elementor-element-f1d7d27 elementor-hidden-phone elementor-widget elementor-widget-heading\" data-id=\"f1d7d27\" data-element_type=\"widget\" data-widget_type=\"heading.default\">\n\t\t\t\t<div class=\"elementor-widget-container\">\n\t\t\t<h2 class=\"elementor-heading-title elementor-size-default\">The Team<\/h2>\t\t<\/div>\n\t\t\t\t<\/div>\n\t\t\t\t<div class=\"elementor-element elementor-element-6f3c322 elementor-widget elementor-widget-text-editor\" data-id=\"6f3c322\" data-element_type=\"widget\" data-widget_type=\"text-editor.default\">\n\t\t\t\t<div class=\"elementor-widget-container\">\n\t\t\t\t\t\t\t<p>Apr\u00e8s 4 ans du duo Adeline et C\u00e9line, c&rsquo;est Pauline qui prend la suite du refuge en juin 2025.<\/p>\t\t\t\t\t\t<\/div>\n\t\t\t\t<\/div>\n\t\t\t\t<div class=\"elementor-element elementor-element-9d64f66 elementor-widget elementor-widget-heading\" data-id=\"9d64f66\" data-element_type=\"widget\" data-widget_type=\"heading.default\">\n\t\t\t\t<div class=\"elementor-widget-container\">\n\t\t\t<h2 class=\"elementor-heading-title elementor-size-default\">Garder un refuge au coeur du Val-Montjoie<\/h2>\t\t<\/div>\n\t\t\t\t<\/div>\n\t\t\t\t<div class=\"elementor-element elementor-element-06ccf8f elementor-widget elementor-widget-text-editor\" data-id=\"06ccf8f\" data-element_type=\"widget\" data-widget_type=\"text-editor.default\">\n\t\t\t\t<div class=\"elementor-widget-container\">\n\t\t\t\t\t\t\t<div class=\"\"><div class=\"\"><div data-pm-slice=\"1 1 []\" data-en-clipboard=\"true\"><div data-pm-slice=\"1 1 []\" data-en-clipboard=\"true\"><div data-pm-slice=\"1 1 []\" data-en-clipboard=\"true\"><div data-pm-slice=\"1 1 []\" data-en-clipboard=\"true\"><div data-pm-slice=\"1 1 []\" data-en-clipboard=\"true\"><div data-pm-slice=\"1 1 []\" data-en-clipboard=\"true\"><p class=\"p1\">\u00ab\u00a0Apr\u00e8s avoir\u00a0<span style=\"color: var( --e-global-color-accent ); background-color: var( --e-global-color-secondary );\">pendant 3 ans<\/span><span style=\"color: var( --e-global-color-accent ); background-color: var( --e-global-color-secondary );\">\u00a0travaill\u00e9 puis gard\u00e9 le Nid d&rsquo;Aigle et travaill\u00e9 et avec Adeline et C\u00e9line aux Pr\u00e9s, je reprends le flambeau. Je ne pouvais pas r\u00eaver mieux : garder un refuge au coeur de mon Val-Montjoie d&rsquo;adoption, dans un des plus bel endroit du vallon. Et\u00e9 comme hiver, c&rsquo;est un lieu magique et o\u00f9 je me sens bien, chez moi.<\/span><\/p><p class=\"p1\">C&rsquo;est donc avec un immense plaisir que je vous accueillerai pour une pause gourmande, une nuit \u00e9toil\u00e9e ou une bi\u00e8re bien fraiche \ud83d\ude42\u00a0\u00bb<\/p><p class=\"p1\">Pauline<\/p><\/div><\/div><\/div><\/div><\/div><\/div><\/div><\/div>\t\t\t\t\t\t<\/div>\n\t\t\t\t<\/div>\n\t\t\t\t<div class=\"elementor-element elementor-element-e5bb6cb elementor-widget elementor-widget-image\" data-id=\"e5bb6cb\" data-element_type=\"widget\" data-widget_type=\"image.default\">\n\t\t\t\t<div class=\"elementor-widget-container\">\n\t\t\t\t\t\t\t\t\t\t\t\t\t<img decoding=\"async\" width=\"768\" height=\"1024\" src=\"http:\/\/www.lerefugedespres.com\/wp-content\/uploads\/2025\/06\/e86510b9-fb1f-4f44-9ef4-16c84bcac44d-768x1024.jpg\" class=\"attachment-large size-large wp-image-1504\" alt=\"\" srcset=\"http:\/\/www.lerefugedespres.com\/wp-content\/uploads\/2025\/06\/e86510b9-fb1f-4f44-9ef4-16c84bcac44d-768x1024.jpg 768w, http:\/\/www.lerefugedespres.com\/wp-content\/uploads\/2025\/06\/e86510b9-fb1f-4f44-9ef4-16c84bcac44d-225x300.jpg 225w, http:\/\/www.lerefugedespres.com\/wp-content\/uploads\/2025\/06\/e86510b9-fb1f-4f44-9ef4-16c84bcac44d-1152x1536.jpg 1152w, http:\/\/www.lerefugedespres.com\/wp-content\/uploads\/2025\/06\/e86510b9-fb1f-4f44-9ef4-16c84bcac44d-1536x2048.jpg 1536w, http:\/\/www.lerefugedespres.com\/wp-content\/uploads\/2025\/06\/e86510b9-fb1f-4f44-9ef4-16c84bcac44d-9x12.jpg 9w, http:\/\/www.lerefugedespres.com\/wp-content\/uploads\/2025\/06\/e86510b9-fb1f-4f44-9ef4-16c84bcac44d-scaled.jpg 1920w\" sizes=\"(max-width: 768px) 100vw, 768px\" \/>\t\t\t\t\t\t\t\t\t\t\t\t\t<\/div>\n\t\t\t\t<\/div>\n\t\t\t\t<div class=\"elementor-element elementor-element-15cdf5a elementor-widget elementor-widget-text-editor\" data-id=\"15cdf5a\" data-element_type=\"widget\" data-widget_type=\"text-editor.default\">\n\t\t\t\t<div class=\"elementor-widget-container\">\n\t\t\t\t\t\t\t<div class=\"\"><div class=\"\"><div data-pm-slice=\"1 1 []\" data-en-clipboard=\"true\"><div data-pm-slice=\"1 1 []\" data-en-clipboard=\"true\"><div data-pm-slice=\"1 1 []\" data-en-clipboard=\"true\"><div data-pm-slice=\"1 1 []\" data-en-clipboard=\"true\"><div data-pm-slice=\"1 1 []\" data-en-clipboard=\"true\"><div data-pm-slice=\"1 1 []\" data-en-clipboard=\"true\"><p class=\"p1\">Dans la continuit\u00e9 de tout le travail qui a \u00e9t\u00e9 mis en place par les anciennes gardiennes, je reste sensible aux valeurs durables avec la s\u00e9lection de produits locaux et de saison au maximum. Chaque choix que je fais est r\u00e9fl\u00e9chi, chaque d\u00e9cision est pes\u00e9e pour \u00eatre le plus en accord possible avec mes id\u00e9es mais aussi la r\u00e9alit\u00e9 et les contraintes physiques et techniques impos\u00e9es par la vie en milieu isol\u00e9.<\/p><p class=\"p1\">Un refuge ouvert 9 mois sur 12, c&rsquo;est aussi la possibilit\u00e9 pour moi et mes aide gardien(nes) d&rsquo;avoir un emploi \u00e0 l&rsquo;ann\u00e9e et de vivre proche de son lieu de travail, au coeur de ce que la nature nous offre de plus beau. C&rsquo;est un lieu d&rsquo;accueil et de partage pour les locaux, les vacanciers, les marcheurs, les skieurs de randonn\u00e9e et toute personne en escale au Refuge des Pr\u00e9s.<\/p><\/div><\/div><\/div><\/div><\/div><\/div><\/div><\/div>\t\t\t\t\t\t<\/div>\n\t\t\t\t<\/div>\n\t\t\t\t<div class=\"elementor-element elementor-element-3c910e7 elementor-widget elementor-widget-text-editor\" data-id=\"3c910e7\" data-element_type=\"widget\" data-widget_type=\"text-editor.default\">\n\t\t\t\t<div class=\"elementor-widget-container\">\n\t\t\t\t\t\t\t<div class=\"\"><div class=\"\"><div data-pm-slice=\"1 1 []\" data-en-clipboard=\"true\"><div data-pm-slice=\"1 1 []\" data-en-clipboard=\"true\"><div data-pm-slice=\"1 1 []\" data-en-clipboard=\"true\"><div data-pm-slice=\"1 1 []\" data-en-clipboard=\"true\"><div data-pm-slice=\"1 1 []\" data-en-clipboard=\"true\"><div data-pm-slice=\"1 1 []\" data-en-clipboard=\"true\"><div data-pm-slice=\"1 1 []\" data-en-clipboard=\"true\"><div data-pm-slice=\"1 1 []\" data-en-clipboard=\"true\"><div data-pm-slice=\"1 1 []\" data-en-clipboard=\"true\"><div data-pm-slice=\"1 1 []\" data-en-clipboard=\"true\"><p class=\"p1\">Discover <a href=\"http:\/\/www.lerefugedespres.com\/en\/le-refuge\/\">The refuge<\/a>,  how to <a href=\"http:\/\/www.lerefugedespres.com\/en\/acces\/\">access<\/a>, <a href=\"http:\/\/www.lerefugedespres.com\/en\/reservations\/\">Rates &amp; Bookings<\/a><\/p><\/div><\/div><\/div><\/div><\/div><\/div><\/div><\/div><\/div><\/div><\/div><\/div>\t\t\t\t\t\t<\/div>\n\t\t\t\t<\/div>\n\t\t\t\t\t<\/div>\n\t\t<\/div>\n\t\t\t\t\t<\/div>\n\t\t<\/section>\n\t\t\t\t<\/div>","protected":false},"excerpt":{"rendered":"<p>L&rsquo;\u00e9quipe Apr\u00e8s 4 ans du duo Adeline et C\u00e9line, c&rsquo;est Pauline qui prend la suite du refuge en juin 2025. Garder un refuge au coeur du Val-Montjoie \u00ab\u00a0Apr\u00e8s avoir\u00a0pendant 3 ans\u00a0travaill\u00e9 puis gard\u00e9 le Nid d&rsquo;Aigle et travaill\u00e9 et avec Adeline et C\u00e9line aux Pr\u00e9s, je reprends le flambeau. Je ne pouvais pas r\u00eaver mieux [&hellip;]<\/p>","protected":false},"author":5,"featured_media":0,"parent":0,"menu_order":0,"comment_status":"closed","ping_status":"closed","template":"elementor_header_footer","meta":{"footnotes":""},"yoast_head":"<!-- This site is optimized with the Yoast SEO plugin v22.2 - https:\/\/yoast.com\/wordpress\/plugins\/seo\/ -->\n<title>L&#039;\u00e9quipe - Le Refuge des Pr\u00e9s<\/title>\n<meta name=\"robots\" content=\"index, follow, max-snippet:-1, max-image-preview:large, max-video-preview:-1\" \/>\n<link rel=\"canonical\" href=\"http:\/\/www.lerefugedespres.com\/en\/lequipe\/\" \/>\n<meta property=\"og:locale\" content=\"en_GB\" \/>\n<meta property=\"og:type\" content=\"article\" \/>\n<meta property=\"og:title\" content=\"L&#039;\u00e9quipe - Le Refuge des Pr\u00e9s\" \/>\n<meta property=\"og:description\" content=\"L&rsquo;\u00e9quipe Apr\u00e8s 4 ans du duo Adeline et C\u00e9line, c&rsquo;est Pauline qui prend la suite du refuge en juin 2025. Garder un refuge au coeur du Val-Montjoie \u00ab\u00a0Apr\u00e8s avoir\u00a0pendant 3 ans\u00a0travaill\u00e9 puis gard\u00e9 le Nid d&rsquo;Aigle et travaill\u00e9 et avec Adeline et C\u00e9line aux Pr\u00e9s, je reprends le flambeau. Je ne pouvais pas r\u00eaver mieux [&hellip;]\" \/>\n<meta property=\"og:url\" content=\"http:\/\/www.lerefugedespres.com\/en\/lequipe\/\" \/>\n<meta property=\"og:site_name\" content=\"Le Refuge des Pr\u00e9s\" \/>\n<meta property=\"article:modified_time\" content=\"2025-06-02T17:57:38+00:00\" \/>\n<meta property=\"og:image\" content=\"http:\/\/www.lerefugedespres.com\/wp-content\/uploads\/2021\/04\/LogoEnLigne-bleu.png\" \/>\n<meta name=\"twitter:card\" content=\"summary_large_image\" \/>\n<meta name=\"twitter:label1\" content=\"Estimated reading time\" \/>\n\t<meta name=\"twitter:data1\" content=\"2 minutes\" \/>\n<script type=\"application\/ld+json\" class=\"yoast-schema-graph\">{\"@context\":\"https:\/\/schema.org\",\"@graph\":[{\"@type\":\"WebPage\",\"@id\":\"https:\/\/www.lerefugedespres.com\/fr\/lequipe\/\",\"url\":\"https:\/\/www.lerefugedespres.com\/fr\/lequipe\/\",\"name\":\"L'\u00e9quipe - Le Refuge des Pr\u00e9s\",\"isPartOf\":{\"@id\":\"https:\/\/www.lerefugedespres.com\/fr\/#website\"},\"primaryImageOfPage\":{\"@id\":\"https:\/\/www.lerefugedespres.com\/fr\/lequipe\/#primaryimage\"},\"image\":{\"@id\":\"https:\/\/www.lerefugedespres.com\/fr\/lequipe\/#primaryimage\"},\"thumbnailUrl\":\"http:\/\/www.lerefugedespres.com\/wp-content\/uploads\/2021\/04\/LogoEnLigne-bleu.png\",\"datePublished\":\"2021-04-26T14:43:31+00:00\",\"dateModified\":\"2025-06-02T17:57:38+00:00\",\"breadcrumb\":{\"@id\":\"https:\/\/www.lerefugedespres.com\/fr\/lequipe\/#breadcrumb\"},\"inLanguage\":\"en-GB\",\"potentialAction\":[{\"@type\":\"ReadAction\",\"target\":[\"https:\/\/www.lerefugedespres.com\/fr\/lequipe\/\"]}]},{\"@type\":\"ImageObject\",\"inLanguage\":\"en-GB\",\"@id\":\"https:\/\/www.lerefugedespres.com\/fr\/lequipe\/#primaryimage\",\"url\":\"http:\/\/www.lerefugedespres.com\/wp-content\/uploads\/2021\/04\/LogoEnLigne-bleu.png\",\"contentUrl\":\"http:\/\/www.lerefugedespres.com\/wp-content\/uploads\/2021\/04\/LogoEnLigne-bleu.png\",\"width\":450,\"height\":113},{\"@type\":\"BreadcrumbList\",\"@id\":\"https:\/\/www.lerefugedespres.com\/fr\/lequipe\/#breadcrumb\",\"itemListElement\":[{\"@type\":\"ListItem\",\"position\":1,\"name\":\"Accueil\",\"item\":\"https:\/\/www.lerefugedespres.com\/fr\/\"},{\"@type\":\"ListItem\",\"position\":2,\"name\":\"L&rsquo;\u00e9quipe\"}]},{\"@type\":\"WebSite\",\"@id\":\"https:\/\/www.lerefugedespres.com\/fr\/#website\",\"url\":\"https:\/\/www.lerefugedespres.com\/fr\/\",\"name\":\"Le Refuge des Pr\u00e9s\",\"description\":\"Les Contamines-Montjoie | Ouvert 4 saisons\",\"potentialAction\":[{\"@type\":\"SearchAction\",\"target\":{\"@type\":\"EntryPoint\",\"urlTemplate\":\"https:\/\/www.lerefugedespres.com\/fr\/?s={search_term_string}\"},\"query-input\":\"required name=search_term_string\"}],\"inLanguage\":\"en-GB\"}]}<\/script>\n<!-- \/ Yoast SEO plugin. -->","yoast_head_json":{"title":"L'\u00e9quipe - Le Refuge des Pr\u00e9s","robots":{"index":"index","follow":"follow","max-snippet":"max-snippet:-1","max-image-preview":"max-image-preview:large","max-video-preview":"max-video-preview:-1"},"canonical":"http:\/\/www.lerefugedespres.com\/en\/lequipe\/","og_locale":"en_GB","og_type":"article","og_title":"L'\u00e9quipe - Le Refuge des Pr\u00e9s","og_description":"L&rsquo;\u00e9quipe Apr\u00e8s 4 ans du duo Adeline et C\u00e9line, c&rsquo;est Pauline qui prend la suite du refuge en juin 2025. Garder un refuge au coeur du Val-Montjoie \u00ab\u00a0Apr\u00e8s avoir\u00a0pendant 3 ans\u00a0travaill\u00e9 puis gard\u00e9 le Nid d&rsquo;Aigle et travaill\u00e9 et avec Adeline et C\u00e9line aux Pr\u00e9s, je reprends le flambeau. Je ne pouvais pas r\u00eaver mieux [&hellip;]","og_url":"http:\/\/www.lerefugedespres.com\/en\/lequipe\/","og_site_name":"Le Refuge des Pr\u00e9s","article_modified_time":"2025-06-02T17:57:38+00:00","og_image":[{"url":"http:\/\/www.lerefugedespres.com\/wp-content\/uploads\/2021\/04\/LogoEnLigne-bleu.png"}],"twitter_card":"summary_large_image","twitter_misc":{"Estimated reading time":"2 minutes"},"schema":{"@context":"https:\/\/schema.org","@graph":[{"@type":"WebPage","@id":"https:\/\/www.lerefugedespres.com\/fr\/lequipe\/","url":"https:\/\/www.lerefugedespres.com\/fr\/lequipe\/","name":"L'\u00e9quipe - Le Refuge des Pr\u00e9s","isPartOf":{"@id":"https:\/\/www.lerefugedespres.com\/fr\/#website"},"primaryImageOfPage":{"@id":"https:\/\/www.lerefugedespres.com\/fr\/lequipe\/#primaryimage"},"image":{"@id":"https:\/\/www.lerefugedespres.com\/fr\/lequipe\/#primaryimage"},"thumbnailUrl":"http:\/\/www.lerefugedespres.com\/wp-content\/uploads\/2021\/04\/LogoEnLigne-bleu.png","datePublished":"2021-04-26T14:43:31+00:00","dateModified":"2025-06-02T17:57:38+00:00","breadcrumb":{"@id":"https:\/\/www.lerefugedespres.com\/fr\/lequipe\/#breadcrumb"},"inLanguage":"en-GB","potentialAction":[{"@type":"ReadAction","target":["https:\/\/www.lerefugedespres.com\/fr\/lequipe\/"]}]},{"@type":"ImageObject","inLanguage":"en-GB","@id":"https:\/\/www.lerefugedespres.com\/fr\/lequipe\/#primaryimage","url":"http:\/\/www.lerefugedespres.com\/wp-content\/uploads\/2021\/04\/LogoEnLigne-bleu.png","contentUrl":"http:\/\/www.lerefugedespres.com\/wp-content\/uploads\/2021\/04\/LogoEnLigne-bleu.png","width":450,"height":113},{"@type":"BreadcrumbList","@id":"https:\/\/www.lerefugedespres.com\/fr\/lequipe\/#breadcrumb","itemListElement":[{"@type":"ListItem","position":1,"name":"Accueil","item":"https:\/\/www.lerefugedespres.com\/fr\/"},{"@type":"ListItem","position":2,"name":"L&rsquo;\u00e9quipe"}]},{"@type":"WebSite","@id":"https:\/\/www.lerefugedespres.com\/fr\/#website","url":"https:\/\/www.lerefugedespres.com\/fr\/","name":"Le Refuge des Pr\u00e9s","description":"Les Contamines-Montjoie | Ouvert 4 saisons","potentialAction":[{"@type":"SearchAction","target":{"@type":"EntryPoint","urlTemplate":"https:\/\/www.lerefugedespres.com\/fr\/?s={search_term_string}"},"query-input":"required name=search_term_string"}],"inLanguage":"en-GB"}]}},"_links":{"self":[{"href":"http:\/\/www.lerefugedespres.com\/en\/wp-json\/wp\/v2\/pages\/621"}],"collection":[{"href":"http:\/\/www.lerefugedespres.com\/en\/wp-json\/wp\/v2\/pages"}],"about":[{"href":"http:\/\/www.lerefugedespres.com\/en\/wp-json\/wp\/v2\/types\/page"}],"author":[{"embeddable":true,"href":"http:\/\/www.lerefugedespres.com\/en\/wp-json\/wp\/v2\/users\/5"}],"replies":[{"embeddable":true,"href":"http:\/\/www.lerefugedespres.com\/en\/wp-json\/wp\/v2\/comments?post=621"}],"version-history":[{"count":13,"href":"http:\/\/www.lerefugedespres.com\/en\/wp-json\/wp\/v2\/pages\/621\/revisions"}],"predecessor-version":[{"id":1508,"href":"http:\/\/www.lerefugedespres.com\/en\/wp-json\/wp\/v2\/pages\/621\/revisions\/1508"}],"wp:attachment":[{"href":"http:\/\/www.lerefugedespres.com\/en\/wp-json\/wp\/v2\/media?parent=621"}],"curies":[{"name":"wp","href":"https:\/\/api.w.org\/{rel}","templated":true}]}}